{"id":169,"date":"2015-05-23T16:48:44","date_gmt":"2015-05-23T16:48:44","guid":{"rendered":"http:\/\/www.euroexit.org\/?page_id=169"},"modified":"2015-07-29T20:42:57","modified_gmt":"2015-07-29T20:42:57","slug":"wer-wir-sind-2","status":"publish","type":"page","link":"https:\/\/www.euroexit.org\/index.php\/wer-wir-sind-2\/","title":{"rendered":"Wer wir sind"},"content":{"rendered":"<p style=\"text-align: justify;\">Das Personenkomitee EuroExit ist eine in Entstehung befindliche Initiative. Das hier ver\u00f6ffentlichte <a href=\"https:\/\/www.euroexit.org\/index.php\/manifest-2\/\" target=\"_blank\">Manifest<\/a> versteht sich als eine Diskussionsgrundlage, die es weiter zu entwickeln gilt. Dementsprechend sind die im folgenden angef\u00fchrten Namen ebenfalls ein Startpunkt, eine erste Gruppe von in unterschiedlichem Ausma\u00df engagierten Personen, die sich das Ziel setzen, eine breitere \u00d6ffentlichkeit aus dem sozialen, politischen, kulturellen und akademischen Bereich f\u00fcr ein gemeinsames Projekt anzusprechen. Einige sind Unterst\u00fctzer, einige Aktivisten &#8211; aus ihnen haben wir vorl\u00e4ufig eine Gruppe von Sprechern, von Proponenten gebildet. F\u00fcr die kommenden Monate haben wir uns intensive Gespr\u00e4che mit Initiativen und Einzelpersonen in \u00d6sterreich vorgenommen, die bis zum Herbst dieses Jahres zu einer soliden Grundlage des Personenkomitees EuroExit beitragen und in eine breiten Gr\u00fcndungsversammlung m\u00fcnden soll.<\/p>\n","protected":false},"excerpt":{"rendered":"<p>Das Personenkomitee EuroExit ist eine in Entstehung befindliche Initiative. Das hier ver\u00f6ffentlichte Manifest versteht sich als eine Diskussionsgrundlage, die es &hellip; <a href=\"https:\/\/www.euroexit.org\/index.php\/wer-wir-sind-2\/\" class=\"more-link\"><span class=\"screen-reader-text\">\u201eWer wir sind\u201c <\/span>weiterlesen<\/a><\/p>\n","protected":false},"author":2,"featured_media":0,"parent":0,"menu_order":0,"comment_status":"closed","ping_status":"closed","template":"template-team.php","meta":{"advgb_blocks_editor_width":"","advgb_blocks_columns_visual_guide":""},"coauthors":[],"author_meta":{"author_link":"https:\/\/www.euroexit.org\/index.php\/author\/wilhelm\/","display_name":"Wilhelm Langthaler"},"relative_dates":{"created":"Posted 11 Jahren ago","modified":"Updated 11 Jahren ago"},"absolute_dates":{"created":"Posted on 23. Mai 2015","modified":"Updated on 29. Juli 2015"},"absolute_dates_time":{"created":"Posted on 23. Mai 2015 16:48","modified":"Updated on 29. Juli 2015 20:42"},"featured_img_caption":"","featured_img":false,"series_order":"","_links":{"self":[{"href":"https:\/\/www.euroexit.org\/index.php\/wp-json\/wp\/v2\/pages\/169"}],"collection":[{"href":"https:\/\/www.euroexit.org\/index.php\/wp-json\/wp\/v2\/pages"}],"about":[{"href":"https:\/\/www.euroexit.org\/index.php\/wp-json\/wp\/v2\/types\/page"}],"author":[{"embeddable":true,"href":"https:\/\/www.euroexit.org\/index.php\/wp-json\/wp\/v2\/users\/2"}],"replies":[{"embeddable":true,"href":"https:\/\/www.euroexit.org\/index.php\/wp-json\/wp\/v2\/comments?post=169"}],"version-history":[{"count":0,"href":"https:\/\/www.euroexit.org\/index.php\/wp-json\/wp\/v2\/pages\/169\/revisions"}],"wp:attachment":[{"href":"https:\/\/www.euroexit.org\/index.php\/wp-json\/wp\/v2\/media?parent=169"}],"curies":[{"name":"wp","href":"https:\/\/api.w.org\/{rel}","templated":true}]}}